{"id":544,"date":"2023-04-12T13:33:22","date_gmt":"2023-04-12T13:33:22","guid":{"rendered":"https:\/\/caroer.it\/?page_id=544"},"modified":"2023-05-19T13:56:14","modified_gmt":"2023-05-19T13:56:14","slug":"privacy-policy","status":"publish","type":"page","link":"https:\/\/caroer.it\/en\/privacy-policy\/","title":{"rendered":"Privacy Policy"},"content":{"rendered":"<div  class=\"BlockWrapperContainer SiteWidth ParagrafoContainer\"><div class=\"iub_header\">\n<h1>Privacy Policy di\u00a0<strong>caroer.it<\/strong><\/h1>\n<p>Questa Applicazione raccoglie alcuni Dati Personali dei propri Utenti.<\/p>\n<p>Questo documento pu\u00f2 essere stampato utilizzando il comando di stampa presente nelle impostazioni di qualsiasi browser.<\/p>\n<\/div>\n<div class=\"one_line_col\">\n<h2 id=\"owner_of_the_data\">Titolare del Trattamento dei Dati<\/h2>\n<p>Agriturismo Ca&#8217;Roer &#8211; Via Vallorgana, 1 &#8211; 31020 San Zenone degli Ezzelini (Treviso)<\/p>\n<p><strong>Indirizzo email del Titolare:<\/strong>\u00a0info@caroer.it<\/p>\n<\/div>\n<div class=\"one_line_col\">\n<h2 id=\"types_of_data\">Tipologie di Dati raccolti<\/h2>\n<p>Fra i Dati Personali raccolti da questa Applicazione, in modo autonomo o tramite terze parti, ci sono: Strumenti di Tracciamento; Dati di utilizzo; nome; cognome; numero di telefono; email.<\/p>\n<p>Dettagli completi su ciascuna tipologia di dati raccolti sono forniti nelle sezioni dedicate di questa privacy policy o mediante specifici testi informativi visualizzati prima della raccolta dei dati stessi.<br \/>\nI Dati Personali possono essere liberamente forniti dall&#8217;Utente o, nel caso di Dati di Utilizzo, raccolti automaticamente durante l&#8217;uso di questa Applicazione.<br \/>\nSe non diversamente specificato, tutti i Dati richiesti da questa Applicazione sono obbligatori. Se l\u2019Utente rifiuta di comunicarli, potrebbe essere impossibile per questa Applicazione fornire il Servizio. Nei casi in cui questa Applicazione indichi alcuni Dati come facoltativi, gli Utenti sono liberi di astenersi dal comunicare tali Dati, senza che ci\u00f2 abbia alcuna conseguenza sulla disponibilit\u00e0 del Servizio o sulla sua operativit\u00e0.<br \/>\nGli Utenti che dovessero avere dubbi su quali Dati siano obbligatori, sono incoraggiati a contattare il Titolare.<br \/>\nL\u2019eventuale utilizzo di Cookie &#8211; o di altri strumenti di tracciamento &#8211; da parte di questa Applicazione o dei titolari dei servizi terzi utilizzati da questa Applicazione, ove non diversamente precisato, ha la finalit\u00e0 di fornire il Servizio richiesto dall&#8217;Utente, oltre alle ulteriori finalit\u00e0 descritte nel presente documento e nella Cookie Policy, se disponibile.<\/p>\n<p>L&#8217;Utente si assume la responsabilit\u00e0 dei Dati Personali di terzi ottenuti, pubblicati o condivisi mediante questa Applicazione e garantisce di avere il diritto di comunicarli o diffonderli, liberando il Titolare da qualsiasi responsabilit\u00e0 verso terzi.<\/p>\n<\/div>\n<div class=\"one_line_col\">\n<h2 id=\"place_of_processing\">Modalit\u00e0 e luogo del trattamento dei Dati raccolti<\/h2>\n<h3 class=\"iub-subheading iub-subheading-legal-mode-processing\">Modalit\u00e0 di trattamento<\/h3>\n<p>Il Titolare adotta le opportune misure di sicurezza volte ad impedire l\u2019accesso, la divulgazione, la modifica o la distruzione non autorizzate dei Dati Personali.<br \/>\nIl trattamento viene effettuato mediante strumenti informatici e\/o telematici, con modalit\u00e0 organizzative e con logiche strettamente correlate alle finalit\u00e0 indicate. Oltre al Titolare, in alcuni casi, potrebbero avere accesso ai Dati altri soggetti coinvolti nell\u2019organizzazione di questa Applicazione (personale amministrativo, commerciale, marketing, legali, amministratori di sistema) ovvero soggetti esterni (come fornitori di servizi tecnici terzi, corrieri postali, hosting provider, societ\u00e0 informatiche, agenzie di comunicazione) nominati anche, se necessario, Responsabili del Trattamento da parte del Titolare. L\u2019elenco aggiornato dei Responsabili potr\u00e0 sempre essere richiesto al Titolare del Trattamento.<\/p>\n<h3 class=\"iub-subheading iub-subheading-legal-basis-of-processing\">Base giuridica del trattamento<\/h3>\n<p>Il Titolare tratta Dati Personali relativi all\u2019Utente in caso sussista una delle seguenti condizioni:<\/p>\n<ul>\n<li>l\u2019Utente ha prestato il consenso per una o pi\u00f9 finalit\u00e0 specifiche; Nota: in alcuni ordinamenti il Titolare pu\u00f2 essere autorizzato a trattare Dati Personali senza che debba sussistere il consenso dell\u2019Utente o un\u2019altra delle basi giuridiche specificate di seguito, fino a quando l\u2019Utente non si opponga (\u201copt-out\u201d) a tale trattamento. Ci\u00f2 non \u00e8 tuttavia applicabile qualora il trattamento di Dati Personali sia regolato dalla legislazione europea in materia di protezione dei Dati Personali;<\/li>\n<li>il trattamento \u00e8 necessario all&#8217;esecuzione di un contratto con l\u2019Utente e\/o all&#8217;esecuzione di misure precontrattuali;<\/li>\n<li>il trattamento \u00e8 necessario per adempiere un obbligo legale al quale \u00e8 soggetto il Titolare;<\/li>\n<li>il trattamento \u00e8 necessario per l&#8217;esecuzione di un compito di interesse pubblico o per l&#8217;esercizio di pubblici poteri di cui \u00e8 investito il Titolare;<\/li>\n<li>il trattamento \u00e8 necessario per il perseguimento del legittimo interesse del Titolare o di terzi.<\/li>\n<\/ul>\n<p>\u00c8 comunque sempre possibile richiedere al Titolare di chiarire la concreta base giuridica di ciascun trattamento ed in particolare di specificare se il trattamento sia basato sulla legge, previsto da un contratto o necessario per concludere un contratto.<\/p>\n<h3 class=\"iub-subheading iub-subheading-legal-place\">Luogo<\/h3>\n<p>I Dati sono trattati presso le sedi operative del Titolare ed in ogni altro luogo in cui le parti coinvolte nel trattamento siano localizzate. Per ulteriori informazioni, contatta il Titolare.<br \/>\nI Dati Personali dell\u2019Utente potrebbero essere trasferiti in un paese diverso da quello in cui l\u2019Utente si trova. Per ottenere ulteriori informazioni sul luogo del trattamento l\u2019Utente pu\u00f2 fare riferimento alla sezione relativa ai dettagli sul trattamento dei Dati Personali.<\/p>\n<p>L\u2019Utente ha diritto a ottenere informazioni in merito alla base giuridica del trasferimento di Dati al di fuori dell\u2019Unione Europea o ad un\u2019organizzazione internazionale di diritto internazionale pubblico o costituita da due o pi\u00f9 paesi, come ad esempio l\u2019ONU, nonch\u00e9 in merito alle misure di sicurezza adottate dal Titolare per proteggere i Dati.<\/p>\n<p>L\u2019Utente pu\u00f2 verificare se abbia luogo uno dei trasferimenti appena descritti esaminando la sezione di questo documento relativa ai dettagli sul trattamento di Dati Personali o chiedere informazioni al Titolare contattandolo agli estremi riportati in apertura.<\/p>\n<h3 class=\"iub-subheading iub-subheading-legal-time\">Periodo di conservazione<\/h3>\n<p>I Dati sono trattati e conservati per il tempo richiesto dalle finalit\u00e0 per le quali sono stati raccolti.<\/p>\n<p>Pertanto:<\/p>\n<ul>\n<li>I Dati Personali raccolti per scopi collegati all\u2019esecuzione di un contratto tra il Titolare e l\u2019Utente saranno trattenuti sino a quando sia completata l\u2019esecuzione di tale contratto.<\/li>\n<li>I Dati Personali raccolti per finalit\u00e0 riconducibili all\u2019interesse legittimo del Titolare saranno trattenuti sino al soddisfacimento di tale interesse. L\u2019Utente pu\u00f2 ottenere ulteriori informazioni in merito all\u2019interesse legittimo perseguito dal Titolare nelle relative sezioni di questo documento o contattando il Titolare.<\/li>\n<\/ul>\n<p>Quando il trattamento \u00e8 basato sul consenso dell\u2019Utente, il Titolare pu\u00f2 conservare i Dati Personali pi\u00f9 a lungo sino a quando detto consenso non venga revocato. Inoltre, il Titolare potrebbe essere obbligato a conservare i Dati Personali per un periodo pi\u00f9 lungo in ottemperanza ad un obbligo di legge o per ordine di un\u2019autorit\u00e0.<\/p>\n<p>Al termine del periodo di conservazione i Dati Personali saranno cancellati. Pertanto, allo spirare di tale termine il diritto di accesso, cancellazione, rettificazione ed il diritto alla portabilit\u00e0 dei Dati non potranno pi\u00f9 essere esercitati.<\/p>\n<\/div>\n<div class=\"one_line_col\">\n<h2 id=\"use_collected_data\">Finalit\u00e0 del Trattamento dei Dati raccolti<\/h2>\n<p>I Dati dell\u2019Utente sono raccolti per consentire al Titolare di fornire il Servizio, adempiere agli obblighi di legge, rispondere a richieste o azioni esecutive, tutelare i propri diritti ed interessi (o quelli di Utenti o di terze parti), individuare eventuali attivit\u00e0 dolose o fraudolente, nonch\u00e9 per le seguenti finalit\u00e0: Statistica, Visualizzazione di contenuti da piattaforme esterne e Contattare l&#8217;Utente.<\/p>\n<p>Per ottenere informazioni dettagliate sulle finalit\u00e0 del trattamento e sui Dati Personali trattati per ciascuna finalit\u00e0, l\u2019Utente pu\u00f2 fare riferimento alla sezione \u201cDettagli sul trattamento dei Dati Personali\u201d.<\/p>\n<\/div>\n<div data-locale=\"it\"><\/div>\n<div class=\"one_line_col\">\n<h2 id=\"data_processing_detailed_info\">Dettagli sul trattamento dei Dati Personali<\/h2>\n<p>I Dati Personali sono raccolti per le seguenti finalit\u00e0 ed utilizzando i seguenti servizi:<\/p>\n<ul class=\"for_boxes\">\n<li>\n<div class=\"box_primary box_10 expand\">\n<h3 class=\"expand-click w_icon_24 policyicon_purpose_11084356 iub-purpose iub-purpose-11084356\">Contattare l&#8217;Utente<\/h3>\n<\/div>\n<\/li>\n<li>\n<div class=\"box_primary box_10 expand\">\n<h3 class=\"expand-click w_icon_24 policyicon_purpose_11084352 iub-purpose iub-purpose-11084352\">Statistica<\/h3>\n<\/div>\n<\/li>\n<li>\n<div class=\"box_primary box_10 expand\">\n<h3 class=\"expand-click w_icon_24 policyicon_purpose_11084353 iub-purpose iub-purpose-11084353\">Visualizzazione di contenuti da piattaforme esterne<\/h3>\n<\/div>\n<\/li>\n<\/ul>\n<\/div>\n<div data-locale=\"it\"><\/div>\n<div class=\"one_line_col\">\n<h2 id=\"rights_subjects\">Diritti dell\u2019Utente<\/h2>\n<p>Gli Utenti possono esercitare determinati diritti con riferimento ai Dati trattati dal Titolare.<\/p>\n<p>In particolare, nei limiti previsti dalla legge, l\u2019Utente ha il diritto di:<\/p>\n<ul>\n<li><strong>revocare il consenso in ogni momento.<\/strong>\u00a0L\u2019Utente pu\u00f2 revocare il consenso al trattamento dei propri Dati Personali precedentemente espresso.<\/li>\n<li><strong>opporsi al trattamento dei propri Dati.<\/strong>\u00a0L\u2019Utente pu\u00f2 opporsi al trattamento dei propri Dati quando esso avviene su una base giuridica diversa dal consenso. Ulteriori dettagli sul diritto di opposizione sono indicati nella sezione sottostante.<\/li>\n<li><strong>accedere ai propri Dati.<\/strong>\u00a0L\u2019Utente ha diritto ad ottenere informazioni sui Dati trattati dal Titolare, su determinati aspetti del trattamento ed a ricevere una copia dei Dati trattati.<\/li>\n<li><strong>verificare e chiedere la rettificazione.<\/strong>\u00a0L\u2019Utente pu\u00f2 verificare la correttezza dei propri Dati e richiederne l\u2019aggiornamento o la correzione.<\/li>\n<li><strong>ottenere la limitazione del trattamento.<\/strong>\u00a0L\u2019Utente pu\u00f2 richiedere la limitazione del trattamento dei propri Dati. In tal caso il Titolare non tratter\u00e0 i Dati per alcun altro scopo se non la loro conservazione.<\/li>\n<li><strong>ottenere la cancellazione o rimozione dei propri Dati Personali.<\/strong>\u00a0L\u2019Utente pu\u00f2 richiedere la cancellazione dei propri Dati da parte del Titolare.<\/li>\n<li><strong>ricevere i propri Dati o farli trasferire ad altro titolare.<\/strong>\u00a0L\u2019Utente ha diritto di ricevere i propri Dati in formato strutturato, di uso comune e leggibile da dispositivo automatico e, ove tecnicamente fattibile, di ottenerne il trasferimento senza ostacoli ad un altro titolare.<\/li>\n<li><strong>proporre reclamo.<\/strong>\u00a0L\u2019Utente pu\u00f2 proporre un reclamo all\u2019autorit\u00e0 di controllo della protezione dei dati personali competente o agire in sede giudiziale.<\/li>\n<\/ul>\n<h3 class=\"iub-subheading iub-subheading-legal-right-to-object\">Dettagli sul diritto di opposizione<\/h3>\n<p>Quando i Dati Personali sono trattati nell\u2019interesse pubblico, nell\u2019esercizio di pubblici poteri di cui \u00e8 investito il Titolare oppure per perseguire un interesse legittimo del Titolare, gli Utenti hanno diritto ad opporsi al trattamento per motivi connessi alla loro situazione particolare.<\/p>\n<p>Si fa presente agli Utenti che, ove i loro Dati fossero trattati con finalit\u00e0 di marketing diretto, possono opporsi al trattamento in qualsiasi momento, gratuitamente e senza fornire alcuna motivazione. Qualora gli Utenti si oppongano al trattamento per finalit\u00e0 di marketing diretto, i Dati Personali non sono pi\u00f9 oggetto di trattamento per tali finalit\u00e0. Per scoprire se il Titolare tratti Dati con finalit\u00e0 di marketing diretto gli Utenti possono fare riferimento alle rispettive sezioni di questo documento.<\/p>\n<h3 class=\"iub-subheading iub-subheading-legal-how-to-exercise\">Come esercitare i diritti<\/h3>\n<p>Per esercitare i propri diritti, gli Utenti possono indirizzare una richiesta ai recapiti del Titolare indicati in questo documento. La richiesta pu\u00f2 essere depositate gratuitamente e il Titolare risponder\u00e0 nel pi\u00f9 breve tempo possibile, in ogni caso entro un mese, fornendo all\u2019Utente tutte le informazioni previste dalla legge. Eventuali rettifiche, cancellazioni o limitazioni del trattamento saranno comunicate dal Titolare a ciascuno dei destinatari, se esistenti, a cui sono stati trasmessi i Dati Personali, salvo che ci\u00f2 si riveli impossibile o implichi uno sforzo sproporzionato. Il Titolare comunica all&#8217;Utente tali destinatari qualora egli lo richieda.<\/p>\n<\/div>\n<div class=\"one_line_col\">\n<h2 id=\"further_data_processing_info\">Ulteriori informazioni sul trattamento<\/h2>\n<h3 class=\"iub-subheading iub-subheading-legal-protection\">Difesa in giudizio<\/h3>\n<p>I Dati Personali dell\u2019Utente possono essere utilizzati da parte del Titolare in giudizio o nelle fasi preparatorie alla sua eventuale instaurazione per la difesa da abusi nell&#8217;utilizzo di questa Applicazione o dei Servizi connessi da parte dell\u2019Utente.<br \/>\nL\u2019Utente dichiara di essere consapevole che il Titolare potrebbe essere obbligato a rivelare i Dati per ordine delle autorit\u00e0 pubbliche.<\/p>\n<h3 class=\"iub-subheading iub-subheading-legal-specific-info\">Informative specifiche<\/h3>\n<p>Su richiesta dell\u2019Utente, in aggiunta alle informazioni contenute in questa privacy policy, questa Applicazione potrebbe fornire all&#8217;Utente delle informative aggiuntive e contestuali riguardanti Servizi specifici, o la raccolta ed il trattamento di Dati Personali.<\/p>\n<h3 class=\"iub-subheading iub-subheading-legal-maintenance\">Log di sistema e manutenzione<\/h3>\n<p>Per necessit\u00e0 legate al funzionamento ed alla manutenzione, questa Applicazione e gli eventuali servizi terzi da essa utilizzati potrebbero raccogliere log di sistema, ossia file che registrano le interazioni e che possono contenere anche Dati Personali, quali l\u2019indirizzo IP Utente.<\/p>\n<h3 class=\"iub-subheading iub-subheading-legal-information-not-contained\">Informazioni non contenute in questa policy<\/h3>\n<p>Ulteriori informazioni in relazione al trattamento dei Dati Personali potranno essere richieste in qualsiasi momento al Titolare del Trattamento utilizzando gli estremi di contatto.<\/p>\n<h3 class=\"iub-subheading iub-subheading-legal-how-do-not-track\">Risposta alle richieste \u201cDo Not Track\u201d<\/h3>\n<p>Questa Applicazione non supporta le richieste \u201cDo Not Track\u201d.<br \/>\nPer scoprire se gli eventuali servizi di terze parti utilizzati le supportino, l&#8217;Utente \u00e8 invitato a consultare le rispettive privacy policy.<\/p>\n<h3 class=\"iub-subheading iub-subheading-legal-changes-to-this-privacy-policy\">Modifiche a questa privacy policy<\/h3>\n<p>Il Titolare del Trattamento si riserva il diritto di apportare modifiche alla presente privacy policy in qualunque momento notificandolo agli Utenti su questa pagina e, se possibile, su questa Applicazione nonch\u00e9, qualora tecnicamente e legalmente fattibile, inviando una notifica agli Utenti attraverso uno degli estremi di contatto di cui \u00e8 in possesso. Si prega dunque di consultare con frequenza questa pagina, facendo riferimento alla data di ultima modifica indicata in fondo.<\/p>\n<p>Qualora le modifiche interessino trattamenti la cui base giuridica \u00e8 il consenso, il Titolare provveder\u00e0 a raccogliere nuovamente il consenso dell\u2019Utente, se necessario.<\/p>\n<\/div>\n<div class=\"one_line_col\">\n<div class=\"box_primary box_10 definitions expand\">\n<h3 id=\"definitions_and_legal_references\" class=\"expand-click w_icon_24 icon_ribbon\">Definizioni e riferimenti legali<\/h3>\n<\/div>\n<\/div>\n<div class=\"iub_footer\">\n<p>Ultima modifica: 17 maggio 2023<\/p>\n<p><a title=\"iubenda - generatore di Privacy Policy\" href=\"https:\/\/www.iubenda.com\/it\/generatore-di-privacy-e-cookie-policy\" target=\"_top\">iubenda<\/a>\u00a0ospita questo contenuto e raccoglie solo\u00a0<a href=\"https:\/\/www.iubenda.com\/privacy-policy\/19418041\" target=\"_top\">i Dati Personali strettamente necessari<\/a>\u00a0alla sua fornitura.<\/p>\n<p><a class=\"show_comp_link iframe-preserve an-preserve\" title=\"Visualizza la Privacy Policy semplificata\" href=\"https:\/\/www.iubenda.com\/privacy-policy\/40031741\">Visualizza la Privacy Policy semplificata<\/a><\/div>\n<div><\/div>\n<div><\/div>\n<\/div>\n\n<div  class=\"BlockWrapperContainer SiteWidth ParagrafoContainer\"><h2>Consenso all&#8217;utilizzo di cookies.<\/h2>\n<p>Per il corretto funzionamento del nostro sito web utilizziamo cookies. Per ottenere il vostro valido consenso all&#8217;utilizzo e alla memorizzazione di cookies nel browser che utilizzate per accedere al nostro sito web e per documentarlo correttamente, utilizziamo una piattaforma di gestione del consenso: CookieFirst. Questa tecnologia \u00e8 fornita da Digital Data Solutions BV, Plantage Middenlaan 42a, 1018 DH, Amsterdam, Paesi Bassi. Sito web: <a title=\"Cookiefirst page\" href=\"https:\/\/cookiefirst.com\">https:\/\/cookiefirst.com<\/a> indicato come CookieFirst.<\/p>\n<p>Quando si accede al nostro sito web, viene stabilita una connessione con il server di CookieFirstper darci la possibilit\u00e0 di ottenere un consenso valido da parte dell&#8217;utente all&#8217;uso di determinati cookies. CookieFirst memorizza quindi un cookie nel browser dell&#8217;utente per poter attivare solo quei cookies a cui l&#8217;utente ha dato il proprio consenso e per poterlo documentare adeguatamente. I dati elaborati vengono memorizzati fino alla scadenza del periodo di conservazione predefinito o fino alla richiesta di cancellazione dei dati da parte dell&#8217;utente. In deroga a quanto sopra, possono essere applicati alcuni periodi di conservazione obbligatori per legge.<\/p>\n<p>CookieFirst viene utilizzato per ottenere il consenso legalmente richiesto per l&#8217;utilizzo di cookies. La base giuridica \u00e8 l&#8217;articolo 6, paragrafo 1, lettera c), del Regolamento generale sulla protezione dei dati (GDPR).<\/p>\n<h2>Accordo sul trattamento dei dati<\/h2>\n<p>Abbiamo stipulato un accordo per l&#8217;elaborazione dei dati con CookieFirst. Si tratta di un contratto richiesto dalla legge sulla protezione dei dati, che garantisce che i dati dei visitatori del nostro sito web vengano elaborati solo in conformit\u00e0 alle nostre istruzioni e nel rispetto del GDPR.<\/p>\n<h2>File di log del server<\/h2>\n<p>Il nostro sito web e CookieFirst raccolgono e memorizzano automaticamente informazioni nei cosiddetti file di log del server, che il vostro browser ci trasmette automaticamente. Vengono raccolti i seguenti dati:<\/p>\n<ul>\n<li>Lo stato del vostro consenso o la revoca del consenso<\/li>\n<li>Il vostro indirizzo IP anonimo<\/li>\n<li>Informazioni sul vostro browser<\/li>\n<li>Informazioni sul vostro dispositivo<\/li>\n<li>La data e l&#8217;ora in cui avete visitato il nostro sito web<\/li>\n<li>L&#8217;url della pagina web in cui l&#8217;utente ha salvato o aggiornato le preferenze di consenso<\/li>\n<li>La posizione approssimativa dell&#8217;utente che ha salvato le preferenze di consenso<\/li>\n<li>Un identificatore univoco universale (UUID) del visitatore del sito web che ha cliccato sul banner cookie.<\/li>\n<\/ul>\n<\/div>","protected":false},"excerpt":{"rendered":"","protected":false},"author":1,"featured_media":0,"parent":0,"menu_order":0,"comment_status":"closed","ping_status":"closed","template":"","meta":{"footnotes":""},"class_list":["post-544","page","type-page","status-publish","hentry"],"acf":[],"yoast_head":"<!-- This site is optimized with the Yoast SEO plugin v20.7 - https:\/\/yoast.com\/wordpress\/plugins\/seo\/ -->\n<title>Privacy Policy - Ca&#039;Roer - Appartamenti vacanze in affitto<\/title>\n<meta name=\"robots\" content=\"index, follow, max-snippet:-1, max-image-preview:large, max-video-preview:-1\" \/>\n<link rel=\"canonical\" href=\"https:\/\/caroer.it\/en\/privacy-policy\/\" \/>\n<meta property=\"og:locale\" content=\"en_GB\" \/>\n<meta property=\"og:type\" content=\"article\" \/>\n<meta property=\"og:title\" content=\"Privacy Policy - Ca&#039;Roer - Appartamenti vacanze in affitto\" \/>\n<meta property=\"og:url\" content=\"https:\/\/caroer.it\/en\/privacy-policy\/\" \/>\n<meta property=\"og:site_name\" content=\"Ca&#039;Roer - Appartamenti vacanze in affitto\" \/>\n<meta property=\"article:modified_time\" content=\"2023-05-19T13:56:14+00:00\" \/>\n<meta name=\"twitter:card\" content=\"summary_large_image\" \/>\n<script type=\"application\/ld+json\" class=\"yoast-schema-graph\">{\"@context\":\"https:\/\/schema.org\",\"@graph\":[{\"@type\":\"WebPage\",\"@id\":\"https:\/\/caroer.it\/privacy-policy\/\",\"url\":\"https:\/\/caroer.it\/privacy-policy\/\",\"name\":\"Privacy Policy - Ca&#039;Roer - Appartamenti vacanze in affitto\",\"isPartOf\":{\"@id\":\"https:\/\/caroer.it\/#website\"},\"datePublished\":\"2023-04-12T13:33:22+00:00\",\"dateModified\":\"2023-05-19T13:56:14+00:00\",\"breadcrumb\":{\"@id\":\"https:\/\/caroer.it\/privacy-policy\/#breadcrumb\"},\"inLanguage\":\"en-GB\",\"potentialAction\":[{\"@type\":\"ReadAction\",\"target\":[\"https:\/\/caroer.it\/privacy-policy\/\"]}]},{\"@type\":\"BreadcrumbList\",\"@id\":\"https:\/\/caroer.it\/privacy-policy\/#breadcrumb\",\"itemListElement\":[{\"@type\":\"ListItem\",\"position\":1,\"name\":\"Home\",\"item\":\"https:\/\/caroer.it\/\"},{\"@type\":\"ListItem\",\"position\":2,\"name\":\"Privacy Policy\"}]},{\"@type\":\"WebSite\",\"@id\":\"https:\/\/caroer.it\/#website\",\"url\":\"https:\/\/caroer.it\/\",\"name\":\"Ca'Roer\",\"description\":\"Una piccola oasi di relax circondata dal verde\",\"alternateName\":\"Ca'Roer\",\"potentialAction\":[{\"@type\":\"SearchAction\",\"target\":{\"@type\":\"EntryPoint\",\"urlTemplate\":\"https:\/\/caroer.it\/?s={search_term_string}\"},\"query-input\":\"required name=search_term_string\"}],\"inLanguage\":\"en-GB\"}]}<\/script>\n<!-- \/ Yoast SEO plugin. -->","yoast_head_json":{"title":"Privacy Policy - Ca&#039;Roer - Appartamenti vacanze in affitto","robots":{"index":"index","follow":"follow","max-snippet":"max-snippet:-1","max-image-preview":"max-image-preview:large","max-video-preview":"max-video-preview:-1"},"canonical":"https:\/\/caroer.it\/en\/privacy-policy\/","og_locale":"en_GB","og_type":"article","og_title":"Privacy Policy - Ca&#039;Roer - Appartamenti vacanze in affitto","og_url":"https:\/\/caroer.it\/en\/privacy-policy\/","og_site_name":"Ca&#039;Roer - Appartamenti vacanze in affitto","article_modified_time":"2023-05-19T13:56:14+00:00","twitter_card":"summary_large_image","schema":{"@context":"https:\/\/schema.org","@graph":[{"@type":"WebPage","@id":"https:\/\/caroer.it\/privacy-policy\/","url":"https:\/\/caroer.it\/privacy-policy\/","name":"Privacy Policy - Ca&#039;Roer - Appartamenti vacanze in affitto","isPartOf":{"@id":"https:\/\/caroer.it\/#website"},"datePublished":"2023-04-12T13:33:22+00:00","dateModified":"2023-05-19T13:56:14+00:00","breadcrumb":{"@id":"https:\/\/caroer.it\/privacy-policy\/#breadcrumb"},"inLanguage":"en-GB","potentialAction":[{"@type":"ReadAction","target":["https:\/\/caroer.it\/privacy-policy\/"]}]},{"@type":"BreadcrumbList","@id":"https:\/\/caroer.it\/privacy-policy\/#breadcrumb","itemListElement":[{"@type":"ListItem","position":1,"name":"Home","item":"https:\/\/caroer.it\/"},{"@type":"ListItem","position":2,"name":"Privacy Policy"}]},{"@type":"WebSite","@id":"https:\/\/caroer.it\/#website","url":"https:\/\/caroer.it\/","name":"Ca'Roer","description":"Una piccola oasi di relax circondata dal verde","alternateName":"Ca'Roer","potentialAction":[{"@type":"SearchAction","target":{"@type":"EntryPoint","urlTemplate":"https:\/\/caroer.it\/?s={search_term_string}"},"query-input":"required name=search_term_string"}],"inLanguage":"en-GB"}]}},"_links":{"self":[{"href":"https:\/\/caroer.it\/en\/wp-json\/wp\/v2\/pages\/544","targetHints":{"allow":["GET"]}}],"collection":[{"href":"https:\/\/caroer.it\/en\/wp-json\/wp\/v2\/pages"}],"about":[{"href":"https:\/\/caroer.it\/en\/wp-json\/wp\/v2\/types\/page"}],"author":[{"embeddable":true,"href":"https:\/\/caroer.it\/en\/wp-json\/wp\/v2\/users\/1"}],"replies":[{"embeddable":true,"href":"https:\/\/caroer.it\/en\/wp-json\/wp\/v2\/comments?post=544"}],"version-history":[{"count":6,"href":"https:\/\/caroer.it\/en\/wp-json\/wp\/v2\/pages\/544\/revisions"}],"predecessor-version":[{"id":621,"href":"https:\/\/caroer.it\/en\/wp-json\/wp\/v2\/pages\/544\/revisions\/621"}],"wp:attachment":[{"href":"https:\/\/caroer.it\/en\/wp-json\/wp\/v2\/media?parent=544"}],"curies":[{"name":"wp","href":"https:\/\/api.w.org\/{rel}","templated":true}]}}